{"id":682,"date":"2025-01-12T13:18:40","date_gmt":"2025-01-12T12:18:40","guid":{"rendered":"https:\/\/www.fotoklubostrava.cz\/fo\/?page_id=682"},"modified":"2025-01-23T18:07:27","modified_gmt":"2025-01-23T17:07:27","slug":"40-let-podporte-nas","status":"publish","type":"page","link":"https:\/\/www.fotoklubostrava.cz\/fo\/40-let\/40-let-podporte-nas\/","title":{"rendered":"40 let &#8211; Podpo\u0159te n\u00e1s"},"content":{"rendered":"\n<p>P\u0159ipravujeme pro v\u00e1s v\u00fdstavu a knihu fotografi\u00ed ke <a href=\"https:\/\/www.fotoklubostrava.cz\/fo\/40-let\/\" data-type=\"page\" data-id=\"675\">40. v\u00fdro\u010d\u00ed<\/a> vzniku Fotoklubu Ostrava. Abychom mohli tento projekt pe\u010dliv\u011b zrealizovat, obrac\u00edme se na nov\u00e9 partnery a podporovatele, mezi kter\u00e9 byste mohli Vy, nebo Va\u0161e spole\u010dnost pat\u0159it. Finan\u010dn\u00ed podpora by byla vyu\u017eita p\u0159edev\u0161\u00edm na n\u00e1klady s tiskem knihy, v\u00fdrobou v\u00fdstavn\u00edch materi\u00e1l\u016f, propaga\u010dn\u00edmi akcemi a pron\u00e1jmem v\u00fdstavn\u00edch prostor. Budeme velmi r\u00e1di za jakoukoli podporu, finan\u010dn\u00ed, poskytnut\u00ed slu\u017eeb, nebo materi\u00e1lu. Pokud se pro podporu rozhodnete, jsme p\u0159ipraveni podepsat smlouvu o daru nebo smlouvu o reklam\u011b, tak\u017ee tento n\u00e1klad budete moci ode\u010d\u00edst z dan\u00ed.<\/p>\n\n\n\n<p>V\u00fdhody pro Va\u0161i spole\u010dnost:<\/p>\n\n\n\n<ul class=\"wp-block-list\">\n<li>Prezentace loga a va\u0161\u00ed firmy v knize a na v\u0161ech materi\u00e1lech v\u00fdstavy.<\/li>\n\n\n\n<li>Pozv\u00e1n\u00ed na slavnostn\u00ed zah\u00e1jen\u00ed v\u00fdstavy a speci\u00e1ln\u00ed pod\u011bkov\u00e1n\u00ed b\u011bhem zah\u00e1jen\u00ed.<\/li>\n\n\n\n<li>Mo\u017enost propagace Va\u0161\u00ed spole\u010dnosti v r\u00e1mci akce a medi\u00e1ln\u00edho pokryt\u00ed.<\/li>\n\n\n\n<li>0 \u010d\u00e1stku uvedenou ve smlouv\u011b si m\u016f\u017eete sn\u00ed\u017eit da\u0148ov\u00fd z\u00e1klad.<\/li>\n<\/ul>\n\n\n\n<p id=\"KONTAKT40LET\">V p\u0159\u00edpad\u011b z\u00e1jmu kontaktujte pana Eduarda Pa\u0161ka:<\/p>\n\n\n\n<ul class=\"wp-block-list\">\n<li>E-mail: <a href=\"mailto:eduardp@email.cz\">eduardp@email.cz<\/a><\/li>\n\n\n\n<li>Telefon: <strong>603 502 253<\/strong><\/li>\n<\/ul>\n\n\n\n<p>P\u0159isp\u011bt m\u016f\u017eete p\u0159evodem na bankovn\u00ed \u00fa\u010det fotoklubu:<\/p>\n\n\n\n<ul class=\"wp-block-list\">\n<li>Bankovn\u00ed spojen\u00ed: Fio banka, a.s.<\/li>\n\n\n\n<li>\u010c\u00edslo \u00fa\u010dtu: 2702912919\/2010<\/li>\n<\/ul>\n\n\n\n<p id=\"QR40LET\">Nebo vyu\u017eijte p\u0159\u00edmo QR k\u00f3d pro p\u0159isp\u011bn\u00ed konkr\u00e9tn\u00ed \u010d\u00e1stkou:<\/p>\n\n\n\n<figure class=\"wp-block-image aligncenter size-medium is-resized\"><img loading=\"lazy\" decoding=\"async\" width=\"300\" height=\"300\" src=\"https:\/\/www.fotoklubostrava.cz\/fo\/wp-content\/uploads\/2025\/01\/QR-200-barva-300x300.jpg\" alt=\"\" class=\"wp-image-702\" style=\"width:500px\" srcset=\"https:\/\/www.fotoklubostrava.cz\/fo\/wp-content\/uploads\/2025\/01\/QR-200-barva-300x300.jpg 300w, https:\/\/www.fotoklubostrava.cz\/fo\/wp-content\/uploads\/2025\/01\/QR-200-barva-1024x1024.jpg 1024w, https:\/\/www.fotoklubostrava.cz\/fo\/wp-content\/uploads\/2025\/01\/QR-200-barva-150x150.jpg 150w, https:\/\/www.fotoklubostrava.cz\/fo\/wp-content\/uploads\/2025\/01\/QR-200-barva-768x768.jpg 768w, https:\/\/www.fotoklubostrava.cz\/fo\/wp-content\/uploads\/2025\/01\/QR-200-barva-1536x1536.jpg 1536w, https:\/\/www.fotoklubostrava.cz\/fo\/wp-content\/uploads\/2025\/01\/QR-200-barva.jpg 1538w\" sizes=\"auto, (max-width: 300px) 100vw, 300px\" \/><figcaption class=\"wp-element-caption\">QR k\u00f3d pro darov\u00e1n\u00ed \u010d\u00e1stky <strong>200 CZK<\/strong>.<\/figcaption><\/figure>\n\n\n\n<figure class=\"wp-block-image aligncenter size-medium is-resized\"><img loading=\"lazy\" decoding=\"async\" width=\"300\" height=\"300\" src=\"https:\/\/www.fotoklubostrava.cz\/fo\/wp-content\/uploads\/2025\/01\/QR-500-barva-300x300.jpg\" alt=\"\" class=\"wp-image-704\" style=\"width:500px\" srcset=\"https:\/\/www.fotoklubostrava.cz\/fo\/wp-content\/uploads\/2025\/01\/QR-500-barva-300x300.jpg 300w, https:\/\/www.fotoklubostrava.cz\/fo\/wp-content\/uploads\/2025\/01\/QR-500-barva-1024x1024.jpg 1024w, https:\/\/www.fotoklubostrava.cz\/fo\/wp-content\/uploads\/2025\/01\/QR-500-barva-150x150.jpg 150w, https:\/\/www.fotoklubostrava.cz\/fo\/wp-content\/uploads\/2025\/01\/QR-500-barva-768x768.jpg 768w, https:\/\/www.fotoklubostrava.cz\/fo\/wp-content\/uploads\/2025\/01\/QR-500-barva-1536x1536.jpg 1536w, https:\/\/www.fotoklubostrava.cz\/fo\/wp-content\/uploads\/2025\/01\/QR-500-barva.jpg 1538w\" sizes=\"auto, (max-width: 300px) 100vw, 300px\" \/><figcaption class=\"wp-element-caption\">QR k\u00f3d pro darov\u00e1n\u00ed \u010d\u00e1stky <strong>500 CZK<\/strong>.<\/figcaption><\/figure>\n\n\n\n<figure class=\"wp-block-image aligncenter size-medium is-resized\"><img loading=\"lazy\" decoding=\"async\" width=\"300\" height=\"300\" src=\"https:\/\/www.fotoklubostrava.cz\/fo\/wp-content\/uploads\/2025\/01\/QR-1000-barva-300x300.jpg\" alt=\"\" class=\"wp-image-705\" style=\"width:500px\" srcset=\"https:\/\/www.fotoklubostrava.cz\/fo\/wp-content\/uploads\/2025\/01\/QR-1000-barva-300x300.jpg 300w, https:\/\/www.fotoklubostrava.cz\/fo\/wp-content\/uploads\/2025\/01\/QR-1000-barva-1024x1024.jpg 1024w, https:\/\/www.fotoklubostrava.cz\/fo\/wp-content\/uploads\/2025\/01\/QR-1000-barva-150x150.jpg 150w, https:\/\/www.fotoklubostrava.cz\/fo\/wp-content\/uploads\/2025\/01\/QR-1000-barva-768x768.jpg 768w, https:\/\/www.fotoklubostrava.cz\/fo\/wp-content\/uploads\/2025\/01\/QR-1000-barva-1536x1536.jpg 1536w, https:\/\/www.fotoklubostrava.cz\/fo\/wp-content\/uploads\/2025\/01\/QR-1000-barva.jpg 1538w\" sizes=\"auto, (max-width: 300px) 100vw, 300px\" \/><figcaption class=\"wp-element-caption\">QR k\u00f3d pro darov\u00e1n\u00ed \u010d\u00e1stky <strong>1000 CZK<\/strong>.<\/figcaption><\/figure>\n\n\n\n<p>V\u00edce informac\u00ed o <a href=\"https:\/\/www.fotoklubostrava.cz\/fo\/40-let\/\" data-type=\"page\" data-id=\"675\">40. v\u00fdro\u010d\u00ed<\/a> vzniku Fotoklubu Ostrava.<\/p>\n","protected":false},"excerpt":{"rendered":"<p>P\u0159ipravujeme pro v\u00e1s v\u00fdstavu a knihu fotografi\u00ed ke 40. v\u00fdro\u010d\u00ed vzniku Fotoklubu Ostrava. Abychom mohli tento projekt pe\u010dliv\u011b zrealizovat, obrac\u00edme se na nov\u00e9 partnery a podporovatele, mezi kter\u00e9 byste mohli Vy, nebo Va\u0161e spole\u010dnost pat\u0159it. Finan\u010dn\u00ed podpora by byla vyu\u017eita p\u0159edev\u0161\u00edm na n\u00e1klady s tiskem knihy, v\u00fdrobou v\u00fdstavn\u00edch materi\u00e1l\u016f, propaga\u010dn\u00edmi akcemi a pron\u00e1jmem v\u00fdstavn\u00edch prostor. [&hellip;]<\/p>\n","protected":false},"author":1,"featured_media":0,"parent":675,"menu_order":0,"comment_status":"closed","ping_status":"closed","template":"","meta":{"footnotes":""},"class_list":["post-682","page","type-page","status-publish","hentry"],"_links":{"self":[{"href":"https:\/\/www.fotoklubostrava.cz\/fo\/wp-json\/wp\/v2\/pages\/682","targetHints":{"allow":["GET"]}}],"collection":[{"href":"https:\/\/www.fotoklubostrava.cz\/fo\/wp-json\/wp\/v2\/pages"}],"about":[{"href":"https:\/\/www.fotoklubostrava.cz\/fo\/wp-json\/wp\/v2\/types\/page"}],"author":[{"embeddable":true,"href":"https:\/\/www.fotoklubostrava.cz\/fo\/wp-json\/wp\/v2\/users\/1"}],"replies":[{"embeddable":true,"href":"https:\/\/www.fotoklubostrava.cz\/fo\/wp-json\/wp\/v2\/comments?post=682"}],"version-history":[{"count":14,"href":"https:\/\/www.fotoklubostrava.cz\/fo\/wp-json\/wp\/v2\/pages\/682\/revisions"}],"predecessor-version":[{"id":730,"href":"https:\/\/www.fotoklubostrava.cz\/fo\/wp-json\/wp\/v2\/pages\/682\/revisions\/730"}],"up":[{"embeddable":true,"href":"https:\/\/www.fotoklubostrava.cz\/fo\/wp-json\/wp\/v2\/pages\/675"}],"wp:attachment":[{"href":"https:\/\/www.fotoklubostrava.cz\/fo\/wp-json\/wp\/v2\/media?parent=682"}],"curies":[{"name":"wp","href":"https:\/\/api.w.org\/{rel}","templated":true}]}}